{"id":1865,"date":"2022-08-09T18:07:33","date_gmt":"2022-08-09T18:07:33","guid":{"rendered":"https:\/\/elegant-hodgkin.46-232-230-2.plesk.page\/?page_id=1865"},"modified":"2026-03-29T18:45:07","modified_gmt":"2026-03-29T18:45:07","slug":"vorstand","status":"publish","type":"page","link":"https:\/\/xn--mnnerchor-altschweier-51b.de\/index.php\/vorstand\/","title":{"rendered":"Vorstand"},"content":{"rendered":"\t\t<div data-elementor-type=\"wp-page\" data-elementor-id=\"1865\" class=\"elementor elementor-1865\">\n\t\t\t\t<div class=\"elementor-element elementor-element-91e98ff e-flex e-con-boxed e-con e-parent\" data-id=\"91e98ff\" data-element_type=\"container\">\n\t\t\t\t\t<div class=\"e-con-inner\">\n\t\t\t\t<div class=\"elementor-element elementor-element-bcf5b17 elementor-widget__width-initial elementor-widget elementor-widget-text-editor\" data-id=\"bcf5b17\" data-element_type=\"widget\" data-widget_type=\"text-editor.default\">\n\t\t\t\t<div class=\"elementor-widget-container\">\n\t\t\t\t\t\t\t\t\t<h2 style=\"text-align: left;\"><span style=\"text-decoration: underline;\"><strong>Gesch\u00e4ftsf\u00fchrender Vorstand<br \/><\/strong><\/span><\/h2>\t\t\t\t\t\t\t\t<\/div>\n\t\t\t\t<\/div>\n\t\t\t\t\t<\/div>\n\t\t\t\t<\/div>\n\t\t<div class=\"elementor-element elementor-element-8d493fe e-flex e-con-boxed e-con e-parent\" data-id=\"8d493fe\" data-element_type=\"container\">\n\t\t\t\t\t<div class=\"e-con-inner\">\n\t\t\t\t<div class=\"elementor-element elementor-element-30357bc elementor-widget__width-initial elementor-invisible elementor-widget elementor-widget-image\" data-id=\"30357bc\" data-element_type=\"widget\" data-settings=\"{&quot;_animation&quot;:&quot;zoomInDown&quot;}\" data-widget_type=\"image.default\">\n\t\t\t\t<div class=\"elementor-widget-container\">\n\t\t\t\t\t\t\t\t\t\t\t\t<figure class=\"wp-caption\">\n\t\t\t\t\t\t\t\t\t\t<img fetchpriority=\"high\" decoding=\"async\" width=\"2560\" height=\"941\" src=\"https:\/\/xn--mnnerchor-altschweier-51b.de\/wp-content\/uploads\/2025\/04\/25-04-10_Vorstand-scaled.jpg\" class=\"attachment-full size-full wp-image-9198\" alt=\"\" srcset=\"https:\/\/xn--mnnerchor-altschweier-51b.de\/wp-content\/uploads\/2025\/04\/25-04-10_Vorstand-scaled.jpg 2560w, https:\/\/xn--mnnerchor-altschweier-51b.de\/wp-content\/uploads\/2025\/04\/25-04-10_Vorstand-300x110.jpg 300w, https:\/\/xn--mnnerchor-altschweier-51b.de\/wp-content\/uploads\/2025\/04\/25-04-10_Vorstand-1024x377.jpg 1024w, https:\/\/xn--mnnerchor-altschweier-51b.de\/wp-content\/uploads\/2025\/04\/25-04-10_Vorstand-768x282.jpg 768w, https:\/\/xn--mnnerchor-altschweier-51b.de\/wp-content\/uploads\/2025\/04\/25-04-10_Vorstand-1536x565.jpg 1536w, https:\/\/xn--mnnerchor-altschweier-51b.de\/wp-content\/uploads\/2025\/04\/25-04-10_Vorstand-2048x753.jpg 2048w\" sizes=\"(max-width: 2560px) 100vw, 2560px\" \/>\t\t\t\t\t\t\t\t\t\t\t<figcaption class=\"widget-image-caption wp-caption-text\">\u00a9 WWB<\/figcaption>\n\t\t\t\t\t\t\t\t\t\t<\/figure>\n\t\t\t\t\t\t\t\t\t<\/div>\n\t\t\t\t<\/div>\n\t\t\t\t\t<\/div>\n\t\t\t\t<\/div>\n\t\t<div class=\"elementor-element elementor-element-a0fc82f e-flex e-con-boxed e-con e-parent\" data-id=\"a0fc82f\" data-element_type=\"container\">\n\t\t\t\t\t<div class=\"e-con-inner\">\n\t\t\t\t<div class=\"elementor-element elementor-element-08c0a38 elementor-widget__width-initial elementor-widget elementor-widget-text-editor\" data-id=\"08c0a38\" data-element_type=\"widget\" data-widget_type=\"text-editor.default\">\n\t\t\t\t<div class=\"elementor-widget-container\">\n\t\t\t\t\t\t\t\t\t<p><em><span style=\"color: #000000;\">Willi Benkeser \u00a0 \u00a0 \u00a0\u00a0\u00a0\u00a0\u00a0\u00a0\u00a0\u00a0\u00a0\u00a0\u00a0\u00a0 \u00a0 \u00a0 \u00a0\u00a0 Hartmut Kr\u00fcger\u00a0 \u00a0\u00a0\u00a0\u00a0\u00a0\u00a0 Wolfgang Wienk-Borgert\u00a0\u00a0 \u00a0\u00a0\u00a0\u00a0 Uwe Freytag <br \/><\/span><\/em><\/p>\t\t\t\t\t\t\t\t<\/div>\n\t\t\t\t<\/div>\n\t\t\t\t\t<\/div>\n\t\t\t\t<\/div>\n\t\t<div class=\"elementor-element elementor-element-af1ba56 e-flex e-con-boxed e-con e-parent\" data-id=\"af1ba56\" data-element_type=\"container\">\n\t\t\t\t\t<div class=\"e-con-inner\">\n\t\t\t\t<div class=\"elementor-element elementor-element-7d9f671 elementor-widget__width-initial elementor-widget elementor-widget-text-editor\" data-id=\"7d9f671\" data-element_type=\"widget\" data-widget_type=\"text-editor.default\">\n\t\t\t\t<div class=\"elementor-widget-container\">\n\t\t\t\t\t\t\t\t\t<p><span style=\"color: #000000;\">1. Vorsitzender\u00a0\u00a0\u00a0\u00a0\u00a0\u00a0\u00a0 Wolfgang Wienk-Borgert<br \/><\/span><span style=\"color: #000000;\">\u00a0\u00a0\u00a0\u00a0\u00a0\u00a0\u00a0\u00a0\u00a0\u00a0\u00a0\u00a0\u00a0\u00a0\u00a0\u00a0\u00a0\u00a0\u00a0\u00a0\u00a0\u00a0\u00a0\u00a0\u00a0\u00a0\u00a0\u00a0\u00a0\u00a0\u00a0\u00a0\u00a0\u00a0 Gro\u00dfe Dollenstr. 40<br \/><\/span><span style=\"color: #000000;\">\u00a0\u00a0\u00a0\u00a0\u00a0\u00a0\u00a0\u00a0\u00a0\u00a0\u00a0\u00a0\u00a0\u00a0\u00a0\u00a0\u00a0\u00a0\u00a0\u00a0\u00a0\u00a0\u00a0\u00a0\u00a0\u00a0\u00a0\u00a0\u00a0\u00a0\u00a0\u00a0\u00a0\u00a0 76530 Baden-Baden<\/span><\/p><p><span style=\"color: #000000;\">2. Vorsitzender\u00a0\u00a0\u00a0\u00a0\u00a0\u00a0\u00a0 Hartmut Kr\u00fcger<br \/><\/span><span style=\"color: #000000;\">\u00a0\u00a0\u00a0\u00a0\u00a0\u00a0\u00a0\u00a0\u00a0\u00a0\u00a0\u00a0\u00a0\u00a0\u00a0\u00a0\u00a0\u00a0\u00a0\u00a0\u00a0\u00a0\u00a0\u00a0\u00a0\u00a0\u00a0\u00a0\u00a0\u00a0\u00a0\u00a0\u00a0\u00a0 Burgunderweg 3<br \/><\/span><span style=\"color: #000000;\">\u00a0\u00a0\u00a0\u00a0\u00a0\u00a0\u00a0\u00a0\u00a0\u00a0\u00a0\u00a0\u00a0\u00a0\u00a0\u00a0\u00a0\u00a0\u00a0\u00a0\u00a0\u00a0\u00a0\u00a0\u00a0\u00a0\u00a0\u00a0\u00a0\u00a0\u00a0\u00a0\u00a0\u00a0 77815 B\u00fchl-Altschweier<\/span><\/p><p><span style=\"color: #000000;\">Schriftf\u00fchrer \u00a0\u00a0\u00a0\u00a0\u00a0\u00a0\u00a0\u00a0\u00a0\u00a0 Uwe Freytag<br \/><\/span><span style=\"color: #000000;\">\u00a0\u00a0\u00a0\u00a0\u00a0\u00a0\u00a0\u00a0\u00a0\u00a0\u00a0\u00a0\u00a0\u00a0\u00a0\u00a0\u00a0\u00a0\u00a0\u00a0\u00a0\u00a0\u00a0\u00a0\u00a0\u00a0\u00a0\u00a0\u00a0\u00a0\u00a0\u00a0\u00a0\u00a0 Riedboschweg 41<br \/><\/span><span style=\"color: #000000;\">\u00a0\u00a0\u00a0\u00a0\u00a0\u00a0\u00a0\u00a0\u00a0\u00a0\u00a0\u00a0\u00a0\u00a0\u00a0\u00a0\u00a0\u00a0\u00a0\u00a0\u00a0\u00a0\u00a0\u00a0\u00a0\u00a0\u00a0\u00a0\u00a0\u00a0\u00a0\u00a0\u00a0\u00a0 77815 B\u00fchl-Altschweier<\/span><\/p><p><span style=\"color: #000000;\">Kassenf\u00fchrer\u00a0\u00a0\u00a0\u00a0\u00a0\u00a0\u00a0\u00a0\u00a0\u00a0 Willi Benkeser<br \/>\u00a0\u00a0\u00a0\u00a0\u00a0\u00a0\u00a0\u00a0\u00a0\u00a0\u00a0\u00a0\u00a0\u00a0\u00a0\u00a0\u00a0\u00a0\u00a0\u00a0\u00a0\u00a0\u00a0\u00a0\u00a0\u00a0\u00a0\u00a0\u00a0\u00a0\u00a0\u00a0\u00a0\u00a0 Am Bierkeller 15A<br \/><\/span><span style=\"color: #000000;\">\u00a0\u00a0\u00a0\u00a0\u00a0\u00a0\u00a0\u00a0\u00a0\u00a0\u00a0\u00a0\u00a0\u00a0\u00a0\u00a0\u00a0\u00a0\u00a0\u00a0\u00a0\u00a0\u00a0\u00a0\u00a0\u00a0\u00a0\u00a0\u00a0\u00a0\u00a0\u00a0\u00a0\u00a0 77815 B\u00fchl-Altschweier<\/span><\/p>\t\t\t\t\t\t\t\t<\/div>\n\t\t\t\t<\/div>\n\t\t\t\t\t<\/div>\n\t\t\t\t<\/div>\n\t\t<div class=\"elementor-element elementor-element-8ad0ab0 e-flex e-con-boxed e-con e-parent\" data-id=\"8ad0ab0\" data-element_type=\"container\">\n\t\t\t\t\t<div class=\"e-con-inner\">\n\t\t\t\t<div class=\"elementor-element elementor-element-11fc2d4 elementor-widget elementor-widget-text-editor\" data-id=\"11fc2d4\" data-element_type=\"widget\" data-widget_type=\"text-editor.default\">\n\t\t\t\t<div class=\"elementor-widget-container\">\n\t\t\t\t\t\t\t\t\t<h2><span style=\"text-decoration: underline;\"><strong><span style=\"color: #000000; text-decoration: underline;\">Vorstandsmitglieder<\/span><\/strong><\/span><\/h2><p><span style=\"color: #000000;\"><strong>Beirat<\/strong>:<\/span><\/p><ol><li><span style=\"color: #000000;\">Beirat &#8211; S\u00e4ngervorstand &#8211; Rudolf Meier<\/span><\/li><li><span style=\"color: #000000;\">Beirat &#8211; Notenwart &#8211; Alfred Ihle<\/span><\/li><\/ol><p><span style=\"color: #000000;\"><strong>Beisitzer<\/strong>:<\/span><\/p><ol><li><span style=\"color: #000000;\">Beisitzer \u2013 Stimmf\u00fchrer 1. Tenor\u00a0 &#8211; Willi Benkeser<\/span><\/li><li><span style=\"color: #000000;\">Beisitzer \u2013 Stimmf\u00fchrer 2. Tenor &#8211; Paul Hahn<\/span><\/li><li><span style=\"color: #000000;\">Beisitzer \u2013 Stimmf\u00fchrer 1. Bass &#8211; Hartmut Kr\u00fcger<\/span><\/li><li><span style=\"color: #000000;\">Beisitzer \u2013 Stimmf\u00fchrer 2. Bass &#8211; Werner Decker \u00a0\u00a0\u00a0\u00a0\u00a0\u00a0\u00a0\u00a0\u00a0\u00a0\u00a0<\/span><\/li><li><span style=\"color: #000000;\">Beisitzer \u2013 Stellvertr. Kassenf\u00fchrer &#8211; Christian K\u00fclsheimer<\/span><\/li><li><span style=\"color: #000000;\">Beisitzer \u2013 1. Passiven-Vertreter &#8211; Manfred M\u00fcller<\/span><\/li><li><span style=\"color: #000000;\">Beisitzer \u2013 Stellvertr. Schriftf\u00fchrer &#8211; Alfred Schmid<\/span><\/li><li><span style=\"color: #000000;\">Beisitzer \u2013 Stellvertr. Notenwart &#8211; Stefan Barthel<br \/><\/span><\/li><li><span style=\"color: #000000;\">Beisitzer \u2013 Vertreter MGV Eintracht-Gertelbach &#8211; Gustl Br\u00fcgel <\/span><\/li><li><span style=\"color: #000000;\">Beisitzer \u2013 Vertreter MGV Eintracht-Gertelbach &#8211; Andreas Boy<\/span><\/li><\/ol>\t\t\t\t\t\t\t\t<\/div>\n\t\t\t\t<\/div>\n\t\t\t\t\t<\/div>\n\t\t\t\t<\/div>\n\t\t<div class=\"elementor-element elementor-element-a606c8b e-flex e-con-boxed e-con e-parent\" data-id=\"a606c8b\" data-element_type=\"container\">\n\t\t\t\t\t<div class=\"e-con-inner\">\n\t\t\t\t<div class=\"elementor-element elementor-element-fb0699c elementor-widget elementor-widget-text-editor\" data-id=\"fb0699c\" data-element_type=\"widget\" data-widget_type=\"text-editor.default\">\n\t\t\t\t<div class=\"elementor-widget-container\">\n\t\t\t\t\t\t\t\t\t<p><span style=\"color: #000000;\"><span style=\"text-decoration: underline;\"><span style=\"color: #0000ff; text-decoration: underline;\"><a style=\"color: #0000ff; text-decoration: underline;\" href=\"https:\/\/xn--mnnerchor-altschweier-51b.de\/index.php\/datenseite-vorstand\/\">Interne Seite<\/a><\/span><\/span> (nur f\u00fcr Vorstand &#8211; Passwortgesch\u00fctzt)<\/span><\/p>\t\t\t\t\t\t\t\t<\/div>\n\t\t\t\t<\/div>\n\t\t\t\t\t<\/div>\n\t\t\t\t<\/div>\n\t\t<div class=\"elementor-element elementor-element-ba0cbd0 e-flex e-con-boxed e-con e-parent\" data-id=\"ba0cbd0\" data-element_type=\"container\">\n\t\t\t\t\t<div class=\"e-con-inner\">\n\t\t\t\t<div class=\"elementor-element elementor-element-a83bb9d elementor-widget__width-initial elementor-view-default elementor-invisible elementor-widget elementor-widget-icon\" data-id=\"a83bb9d\" data-element_type=\"widget\" data-settings=\"{&quot;_animation&quot;:&quot;bounce&quot;}\" data-widget_type=\"icon.default\">\n\t\t\t\t<div class=\"elementor-widget-container\">\n\t\t\t\t\t\t\t<div class=\"elementor-icon-wrapper\">\n\t\t\t<a class=\"elementor-icon elementor-animation-hang\" href=\"https:\/\/xn--mnnerchor-altschweier-51b.de\/index.php\/ueber-uns\/\">\n\t\t\t<svg aria-hidden=\"true\" class=\"e-font-icon-svg e-far-arrow-alt-circle-up\" viewBox=\"0 0 512 512\" xmlns=\"http:\/\/www.w3.org\/2000\/svg\"><path d=\"M256 504c137 0 248-111 248-248S393 8 256 8 8 119 8 256s111 248 248 248zm0-448c110.5 0 200 89.5 200 200s-89.5 200-200 200S56 366.5 56 256 145.5 56 256 56zm20 328h-40c-6.6 0-12-5.4-12-12V256h-67c-10.7 0-16-12.9-8.5-20.5l99-99c4.7-4.7 12.3-4.7 17 0l99 99c7.6 7.6 2.2 20.5-8.5 20.5h-67v116c0 6.6-5.4 12-12 12z\"><\/path><\/svg>\t\t\t<\/a>\n\t\t<\/div>\n\t\t\t\t\t\t<\/div>\n\t\t\t\t<\/div>\n\t\t\t\t\t<\/div>\n\t\t\t\t<\/div>\n\t\t\t\t<\/div>\n\t\t","protected":false},"excerpt":{"rendered":"<p>Gesch\u00e4ftsf\u00fchrender Vorstand \u00a9 WWB Willi Benkeser \u00a0 \u00a0 \u00a0\u00a0\u00a0\u00a0\u00a0\u00a0\u00a0\u00a0\u00a0\u00a0\u00a0\u00a0 \u00a0 \u00a0 \u00a0\u00a0 Hartmut Kr\u00fcger\u00a0 \u00a0\u00a0\u00a0\u00a0\u00a0\u00a0 Wolfgang Wienk-Borgert\u00a0\u00a0 \u00a0\u00a0\u00a0\u00a0 Uwe Freytag 1. Vorsitzender\u00a0\u00a0\u00a0\u00a0\u00a0\u00a0\u00a0 Wolfgang Wienk-Borgert\u00a0\u00a0\u00a0\u00a0\u00a0\u00a0\u00a0\u00a0\u00a0\u00a0\u00a0\u00a0\u00a0\u00a0\u00a0\u00a0\u00a0\u00a0\u00a0\u00a0\u00a0\u00a0\u00a0\u00a0\u00a0\u00a0\u00a0\u00a0\u00a0\u00a0\u00a0\u00a0\u00a0\u00a0 Gro\u00dfe Dollenstr. 40\u00a0\u00a0\u00a0\u00a0\u00a0\u00a0\u00a0\u00a0\u00a0\u00a0\u00a0\u00a0\u00a0\u00a0\u00a0\u00a0\u00a0\u00a0\u00a0\u00a0\u00a0\u00a0\u00a0\u00a0\u00a0\u00a0\u00a0\u00a0\u00a0\u00a0\u00a0\u00a0\u00a0\u00a0 76530 Baden-Baden 2. Vorsitzender\u00a0\u00a0\u00a0\u00a0\u00a0\u00a0\u00a0 Hartmut Kr\u00fcger\u00a0\u00a0\u00a0\u00a0\u00a0\u00a0\u00a0\u00a0\u00a0\u00a0\u00a0\u00a0\u00a0\u00a0\u00a0\u00a0\u00a0\u00a0\u00a0\u00a0\u00a0\u00a0\u00a0\u00a0\u00a0\u00a0\u00a0\u00a0\u00a0\u00a0\u00a0\u00a0\u00a0\u00a0 Burgunderweg 3\u00a0\u00a0\u00a0\u00a0\u00a0\u00a0\u00a0\u00a0\u00a0\u00a0\u00a0\u00a0\u00a0\u00a0\u00a0\u00a0\u00a0\u00a0\u00a0\u00a0\u00a0\u00a0\u00a0\u00a0\u00a0\u00a0\u00a0\u00a0\u00a0\u00a0\u00a0\u00a0\u00a0\u00a0 77815 B\u00fchl-Altschweier Schriftf\u00fchrer \u00a0\u00a0\u00a0\u00a0\u00a0\u00a0\u00a0\u00a0\u00a0\u00a0 Uwe Freytag\u00a0\u00a0\u00a0\u00a0\u00a0\u00a0\u00a0\u00a0\u00a0\u00a0\u00a0\u00a0\u00a0\u00a0\u00a0\u00a0\u00a0\u00a0\u00a0\u00a0\u00a0\u00a0\u00a0\u00a0\u00a0\u00a0\u00a0\u00a0\u00a0\u00a0\u00a0\u00a0\u00a0\u00a0 Riedboschweg 41\u00a0\u00a0\u00a0\u00a0\u00a0\u00a0\u00a0\u00a0\u00a0\u00a0\u00a0\u00a0\u00a0\u00a0\u00a0\u00a0\u00a0\u00a0\u00a0\u00a0\u00a0\u00a0\u00a0\u00a0\u00a0\u00a0\u00a0\u00a0\u00a0\u00a0\u00a0\u00a0\u00a0\u00a0 77815 B\u00fchl-Altschweier Kassenf\u00fchrer\u00a0\u00a0\u00a0\u00a0\u00a0\u00a0\u00a0\u00a0\u00a0\u00a0 Willi Benkeser\u00a0\u00a0\u00a0\u00a0\u00a0\u00a0\u00a0\u00a0\u00a0\u00a0\u00a0\u00a0\u00a0\u00a0\u00a0\u00a0\u00a0\u00a0\u00a0\u00a0\u00a0\u00a0\u00a0\u00a0\u00a0\u00a0\u00a0\u00a0\u00a0\u00a0\u00a0\u00a0\u00a0\u00a0 Am Bierkeller 15A\u00a0\u00a0\u00a0\u00a0\u00a0\u00a0\u00a0\u00a0\u00a0\u00a0\u00a0\u00a0\u00a0\u00a0\u00a0\u00a0\u00a0\u00a0\u00a0\u00a0\u00a0\u00a0\u00a0\u00a0\u00a0\u00a0\u00a0\u00a0\u00a0\u00a0\u00a0\u00a0\u00a0\u00a0 77815 B\u00fchl-Altschweier Vorstandsmitglieder Beirat: [&hellip;]<\/p>\n","protected":false},"author":3,"featured_media":0,"parent":0,"menu_order":0,"comment_status":"closed","ping_status":"closed","template":"","meta":{"footnotes":""},"class_list":["post-1865","page","type-page","status-publish","hentry"],"yoast_head":"<!-- This site is optimized with the Yoast SEO plugin v27.5 - https:\/\/yoast.com\/product\/yoast-seo-wordpress\/ -->\n<title>Vorstand - M\u00e4nnerChor Altschweier e.V.<\/title>\n<meta name=\"robots\" content=\"index, follow, max-snippet:-1, max-image-preview:large, max-video-preview:-1\" \/>\n<link rel=\"canonical\" href=\"https:\/\/xn--mnnerchor-altschweier-51b.de\/index.php\/vorstand\/\" \/>\n<meta property=\"og:locale\" content=\"de_DE\" \/>\n<meta property=\"og:type\" content=\"article\" \/>\n<meta property=\"og:title\" content=\"Vorstand - M\u00e4nnerChor Altschweier e.V.\" \/>\n<meta property=\"og:description\" content=\"Gesch\u00e4ftsf\u00fchrender Vorstand \u00a9 WWB Willi Benkeser \u00a0 \u00a0 \u00a0\u00a0\u00a0\u00a0\u00a0\u00a0\u00a0\u00a0\u00a0\u00a0\u00a0\u00a0 \u00a0 \u00a0 \u00a0\u00a0 Hartmut Kr\u00fcger\u00a0 \u00a0\u00a0\u00a0\u00a0\u00a0\u00a0 Wolfgang Wienk-Borgert\u00a0\u00a0 \u00a0\u00a0\u00a0\u00a0 Uwe Freytag 1. Vorsitzender\u00a0\u00a0\u00a0\u00a0\u00a0\u00a0\u00a0 Wolfgang Wienk-Borgert\u00a0\u00a0\u00a0\u00a0\u00a0\u00a0\u00a0\u00a0\u00a0\u00a0\u00a0\u00a0\u00a0\u00a0\u00a0\u00a0\u00a0\u00a0\u00a0\u00a0\u00a0\u00a0\u00a0\u00a0\u00a0\u00a0\u00a0\u00a0\u00a0\u00a0\u00a0\u00a0\u00a0\u00a0 Gro\u00dfe Dollenstr. 40\u00a0\u00a0\u00a0\u00a0\u00a0\u00a0\u00a0\u00a0\u00a0\u00a0\u00a0\u00a0\u00a0\u00a0\u00a0\u00a0\u00a0\u00a0\u00a0\u00a0\u00a0\u00a0\u00a0\u00a0\u00a0\u00a0\u00a0\u00a0\u00a0\u00a0\u00a0\u00a0\u00a0\u00a0 76530 Baden-Baden 2. Vorsitzender\u00a0\u00a0\u00a0\u00a0\u00a0\u00a0\u00a0 Hartmut Kr\u00fcger\u00a0\u00a0\u00a0\u00a0\u00a0\u00a0\u00a0\u00a0\u00a0\u00a0\u00a0\u00a0\u00a0\u00a0\u00a0\u00a0\u00a0\u00a0\u00a0\u00a0\u00a0\u00a0\u00a0\u00a0\u00a0\u00a0\u00a0\u00a0\u00a0\u00a0\u00a0\u00a0\u00a0\u00a0 Burgunderweg 3\u00a0\u00a0\u00a0\u00a0\u00a0\u00a0\u00a0\u00a0\u00a0\u00a0\u00a0\u00a0\u00a0\u00a0\u00a0\u00a0\u00a0\u00a0\u00a0\u00a0\u00a0\u00a0\u00a0\u00a0\u00a0\u00a0\u00a0\u00a0\u00a0\u00a0\u00a0\u00a0\u00a0\u00a0 77815 B\u00fchl-Altschweier Schriftf\u00fchrer \u00a0\u00a0\u00a0\u00a0\u00a0\u00a0\u00a0\u00a0\u00a0\u00a0 Uwe Freytag\u00a0\u00a0\u00a0\u00a0\u00a0\u00a0\u00a0\u00a0\u00a0\u00a0\u00a0\u00a0\u00a0\u00a0\u00a0\u00a0\u00a0\u00a0\u00a0\u00a0\u00a0\u00a0\u00a0\u00a0\u00a0\u00a0\u00a0\u00a0\u00a0\u00a0\u00a0\u00a0\u00a0\u00a0 Riedboschweg 41\u00a0\u00a0\u00a0\u00a0\u00a0\u00a0\u00a0\u00a0\u00a0\u00a0\u00a0\u00a0\u00a0\u00a0\u00a0\u00a0\u00a0\u00a0\u00a0\u00a0\u00a0\u00a0\u00a0\u00a0\u00a0\u00a0\u00a0\u00a0\u00a0\u00a0\u00a0\u00a0\u00a0\u00a0 77815 B\u00fchl-Altschweier Kassenf\u00fchrer\u00a0\u00a0\u00a0\u00a0\u00a0\u00a0\u00a0\u00a0\u00a0\u00a0 Willi Benkeser\u00a0\u00a0\u00a0\u00a0\u00a0\u00a0\u00a0\u00a0\u00a0\u00a0\u00a0\u00a0\u00a0\u00a0\u00a0\u00a0\u00a0\u00a0\u00a0\u00a0\u00a0\u00a0\u00a0\u00a0\u00a0\u00a0\u00a0\u00a0\u00a0\u00a0\u00a0\u00a0\u00a0\u00a0 Am Bierkeller 15A\u00a0\u00a0\u00a0\u00a0\u00a0\u00a0\u00a0\u00a0\u00a0\u00a0\u00a0\u00a0\u00a0\u00a0\u00a0\u00a0\u00a0\u00a0\u00a0\u00a0\u00a0\u00a0\u00a0\u00a0\u00a0\u00a0\u00a0\u00a0\u00a0\u00a0\u00a0\u00a0\u00a0\u00a0 77815 B\u00fchl-Altschweier Vorstandsmitglieder Beirat: [&hellip;]\" \/>\n<meta property=\"og:url\" content=\"https:\/\/xn--mnnerchor-altschweier-51b.de\/index.php\/vorstand\/\" \/>\n<meta property=\"og:site_name\" content=\"M\u00e4nnerChor Altschweier e.V.\" \/>\n<meta property=\"article:modified_time\" content=\"2026-03-29T18:45:07+00:00\" \/>\n<meta property=\"og:image\" content=\"https:\/\/xn--mnnerchor-altschweier-51b.de\/wp-content\/uploads\/2025\/04\/25-04-10_Vorstand-scaled.jpg\" \/>\n\t<meta property=\"og:image:width\" content=\"2560\" \/>\n\t<meta property=\"og:image:height\" content=\"941\" \/>\n\t<meta property=\"og:image:type\" content=\"image\/jpeg\" \/>\n<meta name=\"twitter:card\" content=\"summary_large_image\" \/>\n<meta name=\"twitter:label1\" content=\"Gesch\u00e4tzte Lesezeit\" \/>\n\t<meta name=\"twitter:data1\" content=\"1\u00a0Minute\" \/>\n<script type=\"application\/ld+json\" class=\"yoast-schema-graph\">{\"@context\":\"https:\\\/\\\/schema.org\",\"@graph\":[{\"@type\":\"WebPage\",\"@id\":\"https:\\\/\\\/xn--mnnerchor-altschweier-51b.de\\\/index.php\\\/vorstand\\\/\",\"url\":\"https:\\\/\\\/xn--mnnerchor-altschweier-51b.de\\\/index.php\\\/vorstand\\\/\",\"name\":\"Vorstand - M\u00e4nnerChor Altschweier e.V.\",\"isPartOf\":{\"@id\":\"https:\\\/\\\/xn--mnnerchor-altschweier-51b.de\\\/#website\"},\"primaryImageOfPage\":{\"@id\":\"https:\\\/\\\/xn--mnnerchor-altschweier-51b.de\\\/index.php\\\/vorstand\\\/#primaryimage\"},\"image\":{\"@id\":\"https:\\\/\\\/xn--mnnerchor-altschweier-51b.de\\\/index.php\\\/vorstand\\\/#primaryimage\"},\"thumbnailUrl\":\"https:\\\/\\\/xn--mnnerchor-altschweier-51b.de\\\/wp-content\\\/uploads\\\/2025\\\/04\\\/25-04-10_Vorstand-scaled.jpg\",\"datePublished\":\"2022-08-09T18:07:33+00:00\",\"dateModified\":\"2026-03-29T18:45:07+00:00\",\"breadcrumb\":{\"@id\":\"https:\\\/\\\/xn--mnnerchor-altschweier-51b.de\\\/index.php\\\/vorstand\\\/#breadcrumb\"},\"inLanguage\":\"de\",\"potentialAction\":[{\"@type\":\"ReadAction\",\"target\":[\"https:\\\/\\\/xn--mnnerchor-altschweier-51b.de\\\/index.php\\\/vorstand\\\/\"]}]},{\"@type\":\"ImageObject\",\"inLanguage\":\"de\",\"@id\":\"https:\\\/\\\/xn--mnnerchor-altschweier-51b.de\\\/index.php\\\/vorstand\\\/#primaryimage\",\"url\":\"https:\\\/\\\/xn--mnnerchor-altschweier-51b.de\\\/wp-content\\\/uploads\\\/2025\\\/04\\\/25-04-10_Vorstand-scaled.jpg\",\"contentUrl\":\"https:\\\/\\\/xn--mnnerchor-altschweier-51b.de\\\/wp-content\\\/uploads\\\/2025\\\/04\\\/25-04-10_Vorstand-scaled.jpg\",\"width\":2560,\"height\":941},{\"@type\":\"BreadcrumbList\",\"@id\":\"https:\\\/\\\/xn--mnnerchor-altschweier-51b.de\\\/index.php\\\/vorstand\\\/#breadcrumb\",\"itemListElement\":[{\"@type\":\"ListItem\",\"position\":1,\"name\":\"Elementor #480\",\"item\":\"https:\\\/\\\/xn--mnnerchor-altschweier-51b.de\\\/\"},{\"@type\":\"ListItem\",\"position\":2,\"name\":\"Vorstand\"}]},{\"@type\":\"WebSite\",\"@id\":\"https:\\\/\\\/xn--mnnerchor-altschweier-51b.de\\\/#website\",\"url\":\"https:\\\/\\\/xn--mnnerchor-altschweier-51b.de\\\/\",\"name\":\"M\u00e4nnerChor Altschweier e.V.\",\"description\":\"\",\"publisher\":{\"@id\":\"https:\\\/\\\/xn--mnnerchor-altschweier-51b.de\\\/#organization\"},\"potentialAction\":[{\"@type\":\"SearchAction\",\"target\":{\"@type\":\"EntryPoint\",\"urlTemplate\":\"https:\\\/\\\/xn--mnnerchor-altschweier-51b.de\\\/?s={search_term_string}\"},\"query-input\":{\"@type\":\"PropertyValueSpecification\",\"valueRequired\":true,\"valueName\":\"search_term_string\"}}],\"inLanguage\":\"de\"},{\"@type\":\"Organization\",\"@id\":\"https:\\\/\\\/xn--mnnerchor-altschweier-51b.de\\\/#organization\",\"name\":\"M\u00e4nnerChor Altschweier\",\"url\":\"https:\\\/\\\/xn--mnnerchor-altschweier-51b.de\\\/\",\"logo\":{\"@type\":\"ImageObject\",\"inLanguage\":\"de\",\"@id\":\"https:\\\/\\\/xn--mnnerchor-altschweier-51b.de\\\/#\\\/schema\\\/logo\\\/image\\\/\",\"url\":\"https:\\\/\\\/xn--mnnerchor-altschweier-51b.de\\\/wp-content\\\/uploads\\\/2022\\\/09\\\/HOMO-mit-Logo.jpg\",\"contentUrl\":\"https:\\\/\\\/xn--mnnerchor-altschweier-51b.de\\\/wp-content\\\/uploads\\\/2022\\\/09\\\/HOMO-mit-Logo.jpg\",\"width\":1740,\"height\":1926,\"caption\":\"M\u00e4nnerChor Altschweier\"},\"image\":{\"@id\":\"https:\\\/\\\/xn--mnnerchor-altschweier-51b.de\\\/#\\\/schema\\\/logo\\\/image\\\/\"}}]}<\/script>\n<!-- \/ Yoast SEO plugin. -->","yoast_head_json":{"title":"Vorstand - M\u00e4nnerChor Altschweier e.V.","robots":{"index":"index","follow":"follow","max-snippet":"max-snippet:-1","max-image-preview":"max-image-preview:large","max-video-preview":"max-video-preview:-1"},"canonical":"https:\/\/xn--mnnerchor-altschweier-51b.de\/index.php\/vorstand\/","og_locale":"de_DE","og_type":"article","og_title":"Vorstand - M\u00e4nnerChor Altschweier e.V.","og_description":"Gesch\u00e4ftsf\u00fchrender Vorstand \u00a9 WWB Willi Benkeser \u00a0 \u00a0 \u00a0\u00a0\u00a0\u00a0\u00a0\u00a0\u00a0\u00a0\u00a0\u00a0\u00a0\u00a0 \u00a0 \u00a0 \u00a0\u00a0 Hartmut Kr\u00fcger\u00a0 \u00a0\u00a0\u00a0\u00a0\u00a0\u00a0 Wolfgang Wienk-Borgert\u00a0\u00a0 \u00a0\u00a0\u00a0\u00a0 Uwe Freytag 1. Vorsitzender\u00a0\u00a0\u00a0\u00a0\u00a0\u00a0\u00a0 Wolfgang Wienk-Borgert\u00a0\u00a0\u00a0\u00a0\u00a0\u00a0\u00a0\u00a0\u00a0\u00a0\u00a0\u00a0\u00a0\u00a0\u00a0\u00a0\u00a0\u00a0\u00a0\u00a0\u00a0\u00a0\u00a0\u00a0\u00a0\u00a0\u00a0\u00a0\u00a0\u00a0\u00a0\u00a0\u00a0\u00a0 Gro\u00dfe Dollenstr. 40\u00a0\u00a0\u00a0\u00a0\u00a0\u00a0\u00a0\u00a0\u00a0\u00a0\u00a0\u00a0\u00a0\u00a0\u00a0\u00a0\u00a0\u00a0\u00a0\u00a0\u00a0\u00a0\u00a0\u00a0\u00a0\u00a0\u00a0\u00a0\u00a0\u00a0\u00a0\u00a0\u00a0\u00a0 76530 Baden-Baden 2. Vorsitzender\u00a0\u00a0\u00a0\u00a0\u00a0\u00a0\u00a0 Hartmut Kr\u00fcger\u00a0\u00a0\u00a0\u00a0\u00a0\u00a0\u00a0\u00a0\u00a0\u00a0\u00a0\u00a0\u00a0\u00a0\u00a0\u00a0\u00a0\u00a0\u00a0\u00a0\u00a0\u00a0\u00a0\u00a0\u00a0\u00a0\u00a0\u00a0\u00a0\u00a0\u00a0\u00a0\u00a0\u00a0 Burgunderweg 3\u00a0\u00a0\u00a0\u00a0\u00a0\u00a0\u00a0\u00a0\u00a0\u00a0\u00a0\u00a0\u00a0\u00a0\u00a0\u00a0\u00a0\u00a0\u00a0\u00a0\u00a0\u00a0\u00a0\u00a0\u00a0\u00a0\u00a0\u00a0\u00a0\u00a0\u00a0\u00a0\u00a0\u00a0 77815 B\u00fchl-Altschweier Schriftf\u00fchrer \u00a0\u00a0\u00a0\u00a0\u00a0\u00a0\u00a0\u00a0\u00a0\u00a0 Uwe Freytag\u00a0\u00a0\u00a0\u00a0\u00a0\u00a0\u00a0\u00a0\u00a0\u00a0\u00a0\u00a0\u00a0\u00a0\u00a0\u00a0\u00a0\u00a0\u00a0\u00a0\u00a0\u00a0\u00a0\u00a0\u00a0\u00a0\u00a0\u00a0\u00a0\u00a0\u00a0\u00a0\u00a0\u00a0 Riedboschweg 41\u00a0\u00a0\u00a0\u00a0\u00a0\u00a0\u00a0\u00a0\u00a0\u00a0\u00a0\u00a0\u00a0\u00a0\u00a0\u00a0\u00a0\u00a0\u00a0\u00a0\u00a0\u00a0\u00a0\u00a0\u00a0\u00a0\u00a0\u00a0\u00a0\u00a0\u00a0\u00a0\u00a0\u00a0 77815 B\u00fchl-Altschweier Kassenf\u00fchrer\u00a0\u00a0\u00a0\u00a0\u00a0\u00a0\u00a0\u00a0\u00a0\u00a0 Willi Benkeser\u00a0\u00a0\u00a0\u00a0\u00a0\u00a0\u00a0\u00a0\u00a0\u00a0\u00a0\u00a0\u00a0\u00a0\u00a0\u00a0\u00a0\u00a0\u00a0\u00a0\u00a0\u00a0\u00a0\u00a0\u00a0\u00a0\u00a0\u00a0\u00a0\u00a0\u00a0\u00a0\u00a0\u00a0 Am Bierkeller 15A\u00a0\u00a0\u00a0\u00a0\u00a0\u00a0\u00a0\u00a0\u00a0\u00a0\u00a0\u00a0\u00a0\u00a0\u00a0\u00a0\u00a0\u00a0\u00a0\u00a0\u00a0\u00a0\u00a0\u00a0\u00a0\u00a0\u00a0\u00a0\u00a0\u00a0\u00a0\u00a0\u00a0\u00a0 77815 B\u00fchl-Altschweier Vorstandsmitglieder Beirat: [&hellip;]","og_url":"https:\/\/xn--mnnerchor-altschweier-51b.de\/index.php\/vorstand\/","og_site_name":"M\u00e4nnerChor Altschweier e.V.","article_modified_time":"2026-03-29T18:45:07+00:00","og_image":[{"width":2560,"height":941,"url":"https:\/\/xn--mnnerchor-altschweier-51b.de\/wp-content\/uploads\/2025\/04\/25-04-10_Vorstand-scaled.jpg","type":"image\/jpeg"}],"twitter_card":"summary_large_image","twitter_misc":{"Gesch\u00e4tzte Lesezeit":"1\u00a0Minute"},"schema":{"@context":"https:\/\/schema.org","@graph":[{"@type":"WebPage","@id":"https:\/\/xn--mnnerchor-altschweier-51b.de\/index.php\/vorstand\/","url":"https:\/\/xn--mnnerchor-altschweier-51b.de\/index.php\/vorstand\/","name":"Vorstand - M\u00e4nnerChor Altschweier e.V.","isPartOf":{"@id":"https:\/\/xn--mnnerchor-altschweier-51b.de\/#website"},"primaryImageOfPage":{"@id":"https:\/\/xn--mnnerchor-altschweier-51b.de\/index.php\/vorstand\/#primaryimage"},"image":{"@id":"https:\/\/xn--mnnerchor-altschweier-51b.de\/index.php\/vorstand\/#primaryimage"},"thumbnailUrl":"https:\/\/xn--mnnerchor-altschweier-51b.de\/wp-content\/uploads\/2025\/04\/25-04-10_Vorstand-scaled.jpg","datePublished":"2022-08-09T18:07:33+00:00","dateModified":"2026-03-29T18:45:07+00:00","breadcrumb":{"@id":"https:\/\/xn--mnnerchor-altschweier-51b.de\/index.php\/vorstand\/#breadcrumb"},"inLanguage":"de","potentialAction":[{"@type":"ReadAction","target":["https:\/\/xn--mnnerchor-altschweier-51b.de\/index.php\/vorstand\/"]}]},{"@type":"ImageObject","inLanguage":"de","@id":"https:\/\/xn--mnnerchor-altschweier-51b.de\/index.php\/vorstand\/#primaryimage","url":"https:\/\/xn--mnnerchor-altschweier-51b.de\/wp-content\/uploads\/2025\/04\/25-04-10_Vorstand-scaled.jpg","contentUrl":"https:\/\/xn--mnnerchor-altschweier-51b.de\/wp-content\/uploads\/2025\/04\/25-04-10_Vorstand-scaled.jpg","width":2560,"height":941},{"@type":"BreadcrumbList","@id":"https:\/\/xn--mnnerchor-altschweier-51b.de\/index.php\/vorstand\/#breadcrumb","itemListElement":[{"@type":"ListItem","position":1,"name":"Elementor #480","item":"https:\/\/xn--mnnerchor-altschweier-51b.de\/"},{"@type":"ListItem","position":2,"name":"Vorstand"}]},{"@type":"WebSite","@id":"https:\/\/xn--mnnerchor-altschweier-51b.de\/#website","url":"https:\/\/xn--mnnerchor-altschweier-51b.de\/","name":"M\u00e4nnerChor Altschweier e.V.","description":"","publisher":{"@id":"https:\/\/xn--mnnerchor-altschweier-51b.de\/#organization"},"potentialAction":[{"@type":"SearchAction","target":{"@type":"EntryPoint","urlTemplate":"https:\/\/xn--mnnerchor-altschweier-51b.de\/?s={search_term_string}"},"query-input":{"@type":"PropertyValueSpecification","valueRequired":true,"valueName":"search_term_string"}}],"inLanguage":"de"},{"@type":"Organization","@id":"https:\/\/xn--mnnerchor-altschweier-51b.de\/#organization","name":"M\u00e4nnerChor Altschweier","url":"https:\/\/xn--mnnerchor-altschweier-51b.de\/","logo":{"@type":"ImageObject","inLanguage":"de","@id":"https:\/\/xn--mnnerchor-altschweier-51b.de\/#\/schema\/logo\/image\/","url":"https:\/\/xn--mnnerchor-altschweier-51b.de\/wp-content\/uploads\/2022\/09\/HOMO-mit-Logo.jpg","contentUrl":"https:\/\/xn--mnnerchor-altschweier-51b.de\/wp-content\/uploads\/2022\/09\/HOMO-mit-Logo.jpg","width":1740,"height":1926,"caption":"M\u00e4nnerChor Altschweier"},"image":{"@id":"https:\/\/xn--mnnerchor-altschweier-51b.de\/#\/schema\/logo\/image\/"}}]}},"_links":{"self":[{"href":"https:\/\/xn--mnnerchor-altschweier-51b.de\/index.php\/wp-json\/wp\/v2\/pages\/1865","targetHints":{"allow":["GET"]}}],"collection":[{"href":"https:\/\/xn--mnnerchor-altschweier-51b.de\/index.php\/wp-json\/wp\/v2\/pages"}],"about":[{"href":"https:\/\/xn--mnnerchor-altschweier-51b.de\/index.php\/wp-json\/wp\/v2\/types\/page"}],"author":[{"embeddable":true,"href":"https:\/\/xn--mnnerchor-altschweier-51b.de\/index.php\/wp-json\/wp\/v2\/users\/3"}],"replies":[{"embeddable":true,"href":"https:\/\/xn--mnnerchor-altschweier-51b.de\/index.php\/wp-json\/wp\/v2\/comments?post=1865"}],"version-history":[{"count":77,"href":"https:\/\/xn--mnnerchor-altschweier-51b.de\/index.php\/wp-json\/wp\/v2\/pages\/1865\/revisions"}],"predecessor-version":[{"id":10510,"href":"https:\/\/xn--mnnerchor-altschweier-51b.de\/index.php\/wp-json\/wp\/v2\/pages\/1865\/revisions\/10510"}],"wp:attachment":[{"href":"https:\/\/xn--mnnerchor-altschweier-51b.de\/index.php\/wp-json\/wp\/v2\/media?parent=1865"}],"curies":[{"name":"wp","href":"https:\/\/api.w.org\/{rel}","templated":true}]}}